{"id":2732,"date":"2021-10-15T15:05:32","date_gmt":"2021-10-15T13:05:32","guid":{"rendered":"https:\/\/intermodal-rostock.de\/projects\/"},"modified":"2025-01-14T14:08:45","modified_gmt":"2025-01-14T13:08:45","slug":"projects","status":"publish","type":"page","link":"https:\/\/intermodal-rostock.de\/en\/projects\/","title":{"rendered":"Projects"},"content":{"rendered":"<div class=\"wpb-content-wrapper\">[vc_row full_width=&#8221;stretch_row&#8221; content_placement=&#8221;middle&#8221; video_bg_center=&#8221;true&#8221; video_bg=&#8221;self_hosted&#8221; wpex_bg_overlay=&#8221;color&#8221; wpex_bg_overlay_color=&#8221;#005694&#8243; wpex_bg_overlay_opacity=&#8221;0.7&#8243; css=&#8221;.vc_custom_1648820296621{background-image: url(https:\/\/intermodal-rostock.de\/wp-content\/uploads\/2022\/01\/Projekte-intermodal-Rostock.jpg?id=1390) !important;background-position: center !important;background-repeat: no-repeat !important;background-size: cover !important;}&#8221; min_height=&#8221;55vh&#8221; video_bg_mp4=&#8221;https:\/\/intermodal-rostock.de\/wp-content\/uploads\/2022\/03\/Banner_KV.mp4&#8243;][vc_column width=&#8221;1\/2&#8243; css=&#8221;.vc_custom_1634028746975{padding-left: 4rem !important;}&#8221; el_class=&#8221;set_TB_Padding&#8221;]<h1 class=\"vcex-heading vcex-heading-plain vcex-module wpex-heading wpex-text-2xl\"><span class=\"vcex-heading-inner wpex-inline-block\">European projects<\/span><\/h1><style>.vcex-heading.vcex_69f59f04c62e8{font-size:1.4em;}<\/style><h2 class=\"vcex-heading vcex-heading-plain vcex-module wpex-heading wpex-text-2xl vcex_69f59f04c62e8\"><span class=\"vcex-heading-inner wpex-inline-block\">The Port of Rostock is part of the trans-European core network corridors Scandinavia-Mediterranean (ScanMed) and Orient-East-Mediterranean (OrientEast-Med) defined by the EU Commission and, as a core network port, an important transport hub on the German Baltic Sea coast.<\/span><\/h2>[\/vc_column][vc_column width=&#8221;1\/2&#8243;][\/vc_column][\/vc_row][vc_row gap=&#8221;15&#8243; equal_height=&#8221;yes&#8221; el_class=&#8221;set_TB_XLPadding&#8221;][vc_column css=&#8221;.vc_custom_1634216769934{background-color: #104376 !important;}&#8221;][vc_row_inner equal_height=&#8221;yes&#8221;][vc_column_inner el_class=&#8221;set_TL_MinusMargin&#8221; width=&#8221;1\/2&#8243; offset=&#8221;vc_col-lg-6 vc_col-xs-12&#8243; css=&#8221;.vc_custom_1649146191074{background-image: url(https:\/\/intermodal-rostock.de\/wp-content\/uploads\/2022\/04\/Rostock-Port-Korridore.jpg?id=2125) !important;background-position: center !important;background-repeat: no-repeat !important;background-size: cover !important;}&#8221;][vc_empty_space height=&#8221;37vh&#8221;][\/vc_column_inner][vc_column_inner el_class=&#8221;set_TB_XLPadding set_RL_SPadding&#8221; width=&#8221;1\/2&#8243; offset=&#8221;vc_col-lg-6 vc_col-xs-12&#8243;]<h2 class=\"vcex-heading vcex-heading-plain vcex-module wpex-heading wpex-text-2xl\"><span class=\"vcex-heading-inner wpex-inline-block\">International<strong> cooperation projects <\/strong><\/span><\/h2>[vc_column_text css=&#8221;&#8221;]ROSTOCK PORT GmbH participates in international cooperation projects in Europe in order to strengthen and further develop the port of Rostock as an efficient transport corridor via Rostock and Mecklenburg-Vorpommern together with various partners.<\/p>\n<p>In addition, the port of Rostock is part of the rail freight corridors <a href=\"https:\/\/www.rfc7.eu\/\" target=\"_blank\" rel=\"noopener\">RFC7 &#8211; Orient\/East-Med<\/a> and <a href=\"https:\/\/www.rfc8.eu\/\" target=\"_blank\" rel=\"noopener\"> RFC8 &#8211; North Sea &#8211; Baltic of<\/a> <a href=\"https:\/\/rne.eu\/\">RailNetEurope (RNE)<\/a>.[\/vc_column_text]<a href=\"https:\/\/rne.eu\/wp-content\/uploads\/2024_RNE_RFC_Map_A0.pdf\" class=\"vcex-button theme-button inline redButton set_T_Margin\"><span class=\"vcex-button-inner theme-button-inner wpex-flex wpex-flex-wrap wpex-items-center wpex-justify-center\">Rail Net Europe &#8211; RFC network map<\/span><\/a> [\/vc_column_inner][\/vc_row_inner][\/vc_column][\/vc_row][vc_row full_width=&#8221;stretch_row&#8221; css=&#8221;.vc_custom_1649073985597{background-color: #104376 !important;}&#8221; el_class=&#8221;set_T_XLPadding set_B_Padding&#8221;][vc_column width=&#8221;1\/2&#8243;]<h2 class=\"vcex-heading vcex-heading-plain vcex-module wpex-heading wpex-text-2xl\"><span class=\"vcex-heading-inner wpex-inline-block\">Our <strong>Projects<\/strong><\/span><\/h2>[vc_column_text]ROSTOCK PORT GmbH participates in various international cooperation projects in the Baltic Sea region in order to strengthen and further develop the port location Rostock as such and the efficient transport corridors via Rostock and Mecklenburg-Vorpommern together with various partners and to position it with a wide range of interest groups.[\/vc_column_text][\/vc_column][vc_column width=&#8221;1\/2&#8243;][\/vc_column][\/vc_row][vc_row full_width=&#8221;stretch_row&#8221; el_class=&#8221;set_B_XLPadding&#8221; css=&#8221;.vc_custom_1649073913071{background-color: #104376 !important;}&#8221;][vc_column]<div class=\"vcex-module vcex-blog-grid-wrap wpex-clr\"><ul class=\"vcex-blog-filter vcex-filter-links wpex-flex-wrap wpex-list-none wpex-m-0 wpex-mb-25 wpex-gap-5 wpex-flex\"><li class=\"active\"><a href=\"#\" data-filter=\"*\" class=\"theme-button minimal-border white\"><span>Alle Projekte<\/span><\/a><\/li><li class=\"filter-cat-22\"><a href=\"#\" data-filter=\".cat-22\" class=\"theme-button minimal-border white\">CorCap<\/a><\/li><li class=\"filter-cat-6\"><a href=\"#\" data-filter=\".cat-6\" class=\"theme-button minimal-border white\">Skandinavien<\/a><\/li><\/ul><div class=\"wpex-row vcex-blog-grid wpex-clr entries vcex-isotope-grid wpex-overflow-hidden match-height-grid\"><div class=\"vcex-blog-entry vcex-grid-item entry-has-details span_1_of_4 col-1 col vcex-isotope-entry cat-11 cat-23 cat-6 entry post-3082 type-post has-media translation_priority-12\"><div class=\"vcex-blog-entry-inner entry-inner wpex-first-mt-0 wpex-last-mb-0 wpex-clr\"><div class=\"vcex-blog-entry-media entry-media wpex-relative\"><a href=\"https:\/\/intermodal-rostock.de\/en\/2023\/07\/05\/eu-foerdert-massnahmepaket-im-faehr-und-roro-bereich-des-ueberseehafens-rostock\/\" title=\"EU f\u00f6rdert Ma\u00dfnahmepaket im F\u00e4hr- und RoRo-Bereich des \u00dcberseehafens Rostock\"><img data-no-lazy=\"1\" class=\"vcex-blog-entry-img wpex-align-middle skip-lazy\" src=\"https:\/\/intermodal-rostock.de\/wp-content\/uploads\/2023\/11\/MoS_Rail_IT_csm_Waggon_2_6d65bc2b76-700x400.jpg\" alt=\"\" srcset=\"https:\/\/intermodal-rostock.de\/wp-content\/uploads\/2023\/11\/MoS_Rail_IT_csm_Waggon_2_6d65bc2b76-700x400.jpg 700w, https:\/\/intermodal-rostock.de\/wp-content\/uploads\/2023\/11\/MoS_Rail_IT_csm_Waggon_2_6d65bc2b76-24x14.jpg 24w, https:\/\/intermodal-rostock.de\/wp-content\/uploads\/2023\/11\/MoS_Rail_IT_csm_Waggon_2_6d65bc2b76-36x20.jpg 36w, https:\/\/intermodal-rostock.de\/wp-content\/uploads\/2023\/11\/MoS_Rail_IT_csm_Waggon_2_6d65bc2b76-48x27.jpg 48w\" width=\"700\" height=\"400\"><\/a><\/div><div class=\"vcex-blog-entry-details entry-details wpex-p-20 wpex-first-mt-0 wpex-last-mb-0 wpex-clr\"><div class=\"match-height-content\"><h3 class=\"vcex-blog-entry-title entry-title wpex-mb-5\"><a href=\"https:\/\/intermodal-rostock.de\/en\/2023\/07\/05\/eu-foerdert-massnahmepaket-im-faehr-und-roro-bereich-des-ueberseehafens-rostock\/\">EU f\u00f6rdert Ma\u00dfnahmepaket im F\u00e4hr- und RoRo-Bereich des \u00dcberseehafens Rostock<\/a><\/h3><div class=\"vcex-blog-entry-date entry-date wpex-text-sm wpex-text-3 wpex-mb-5\">5. July 2023<\/div><div class=\"vcex-blog-entry-excerpt entry-excerpt wpex-my-15 wpex-text-pretty wpex-last-mb-0 wpex-clr\"><p>EU f\u00f6rdert Ma\u00dfnahmepaket im F\u00e4hr- und RoRo-Bereich des \u00dcberseehafens Rostock Die Europ\u00e4ische Union (EU) f\u00f6rdert&hellip;<\/p><\/div><div class=\"vcex-blog-entry-readmore-wrap entry-readmore-wrap wpex-my-15 wpex-clr\"><a href=\"https:\/\/intermodal-rostock.de\/en\/2023\/07\/05\/eu-foerdert-massnahmepaket-im-faehr-und-roro-bereich-des-ueberseehafens-rostock\/\" class=\"entry-readmore theme-button\" aria-label=\"Mehr erfahren about EU f\u00f6rdert Ma\u00dfnahmepaket im F\u00e4hr- und RoRo-Bereich des \u00dcberseehafens Rostock\">Mehr erfahren<\/a><\/div><\/div><\/div><\/div><\/div><div class=\"vcex-blog-entry vcex-grid-item entry-has-details span_1_of_4 col-2 col vcex-isotope-entry cat-22 entry post-2755 type-post has-media\"><div class=\"vcex-blog-entry-inner entry-inner wpex-first-mt-0 wpex-last-mb-0 wpex-clr\"><div class=\"vcex-blog-entry-media entry-media wpex-relative\"><a href=\"https:\/\/intermodal-rostock.de\/en\/2022\/04\/27\/interreg-central-europe-project\/\" title=\"Interreg CENTRAL Europe Project\"><img data-no-lazy=\"1\" class=\"vcex-blog-entry-img wpex-align-middle skip-lazy\" src=\"https:\/\/intermodal-rostock.de\/wp-content\/uploads\/2021\/10\/corCap-700x287.jpg\" alt=\"\" width=\"700\" height=\"287\"><\/a><\/div><div class=\"vcex-blog-entry-details entry-details wpex-p-20 wpex-first-mt-0 wpex-last-mb-0 wpex-clr\"><div class=\"match-height-content\"><h3 class=\"vcex-blog-entry-title entry-title wpex-mb-5\"><a href=\"https:\/\/intermodal-rostock.de\/en\/2022\/04\/27\/interreg-central-europe-project\/\">Interreg CENTRAL Europe Project<\/a><\/h3><div class=\"vcex-blog-entry-date entry-date wpex-text-sm wpex-text-3 wpex-mb-5\">27. April 2022<\/div><div class=\"vcex-blog-entry-excerpt entry-excerpt wpex-my-15 wpex-text-pretty wpex-last-mb-0 wpex-clr\"><p>The Interreg CENTRAL Europe project aims to improve coordination between freight transport stakeholders by facilitating&hellip;<\/p><\/div><div class=\"vcex-blog-entry-readmore-wrap entry-readmore-wrap wpex-my-15 wpex-clr\"><a href=\"https:\/\/intermodal-rostock.de\/en\/2022\/04\/27\/interreg-central-europe-project\/\" class=\"entry-readmore theme-button\" aria-label=\"Mehr erfahren about Interreg CENTRAL Europe Project\">Mehr erfahren<\/a><\/div><\/div><\/div><\/div><\/div><div class=\"vcex-blog-entry vcex-grid-item entry-has-details span_1_of_4 col-3 col vcex-isotope-entry cat-22 entry post-2758 type-post has-media translation_priority-13\"><div class=\"vcex-blog-entry-inner entry-inner wpex-first-mt-0 wpex-last-mb-0 wpex-clr\"><div class=\"vcex-blog-entry-media entry-media wpex-relative\"><a href=\"https:\/\/intermodal-rostock.de\/en\/2022\/02\/11\/importance-of-the-ten-t-corridors-for-regional-development-and-logistics\/\" title=\"Importance of the TEN-T corridors for regional development and logistics\"><img data-no-lazy=\"1\" class=\"vcex-blog-entry-img wpex-align-middle skip-lazy\" src=\"https:\/\/intermodal-rostock.de\/wp-content\/uploads\/2022\/02\/corCapSIZEfull_ss-700x400.png\" alt=\"\" srcset=\"https:\/\/intermodal-rostock.de\/wp-content\/uploads\/2022\/02\/corCapSIZEfull_ss-700x400.png 700w, https:\/\/intermodal-rostock.de\/wp-content\/uploads\/2022\/02\/corCapSIZEfull_ss-24x15.png 24w, https:\/\/intermodal-rostock.de\/wp-content\/uploads\/2022\/02\/corCapSIZEfull_ss-36x22.png 36w\" width=\"700\" height=\"400\"><\/a><\/div><div class=\"vcex-blog-entry-details entry-details wpex-p-20 wpex-first-mt-0 wpex-last-mb-0 wpex-clr\"><div class=\"match-height-content\"><h3 class=\"vcex-blog-entry-title entry-title wpex-mb-5\"><a href=\"https:\/\/intermodal-rostock.de\/en\/2022\/02\/11\/importance-of-the-ten-t-corridors-for-regional-development-and-logistics\/\">Importance of the TEN-T corridors for regional development and logistics<\/a><\/h3><div class=\"vcex-blog-entry-date entry-date wpex-text-sm wpex-text-3 wpex-mb-5\">11. February 2022<\/div><div class=\"vcex-blog-entry-excerpt entry-excerpt wpex-my-15 wpex-text-pretty wpex-last-mb-0 wpex-clr\"><p>Final conference of the CORCAP project on 9. and March 10, 2022 Since 2019, the&hellip;<\/p><\/div><div class=\"vcex-blog-entry-readmore-wrap entry-readmore-wrap wpex-my-15 wpex-clr\"><a href=\"https:\/\/intermodal-rostock.de\/en\/2022\/02\/11\/importance-of-the-ten-t-corridors-for-regional-development-and-logistics\/\" class=\"entry-readmore theme-button\" aria-label=\"Mehr erfahren about Importance of the TEN-T corridors for regional development and logistics\">Mehr erfahren<\/a><\/div><\/div><\/div><\/div><\/div><\/div><\/div>[\/vc_column][\/vc_row][vc_row full_width=&#8221;stretch_row&#8221; column_spacing=&#8221;0px&#8221; disable_element=&#8221;yes&#8221; el_class=&#8221;set_TB_Padding&#8221;][vc_column][vc_tta_tabs style=&#8221;outline&#8221; shape=&#8221;square&#8221; color=&#8221;sky&#8221; spacing=&#8221;20&#8243; gap=&#8221;20&#8243; active_section=&#8221;1&#8243; pagination_style=&#8221;flat-round&#8221; pagination_color=&#8221;juicy-pink&#8221; no_fill_content_area=&#8221;true&#8221;][vc_tta_section title=&#8221;All projects&#8221; tab_id=&#8221;alle-projekte&#8221;][vc_row_inner][vc_column_inner]<div class=\"vcex-module vcex-blog-grid-wrap wpex-clr\"><div class=\"wpex-row vcex-blog-grid wpex-clr entries\"><div class=\"vcex-blog-entry vcex-grid-item entry-has-details span_1_of_4 col-1 col entry post-3305 type-post has-media cat-11 cat-23 translation_priority-12\"><div class=\"vcex-blog-entry-inner entry-inner wpex-first-mt-0 wpex-last-mb-0 wpex-clr\"><div class=\"vcex-blog-entry-details entry-details wpex-bordered wpex-first-mt-0 wpex-last-mb-0 wpex-clr\"><h3 class=\"vcex-blog-entry-title entry-title wpex-mb-5\"><a href=\"https:\/\/intermodal-rostock.de\/en\/2024\/07\/26\/3305\/\" target=\"_blank\" rel=\"noopener noreferrer\">In rund 16 Stunden von Rostock nach Karlsruhe und v.v.<\/a><\/h3><div class=\"vcex-blog-entry-date entry-date wpex-text-sm wpex-text-3 wpex-mb-5\">26. July 2024<\/div><div class=\"vcex-blog-entry-excerpt entry-excerpt wpex-my-15 wpex-text-pretty wpex-last-mb-0 wpex-clr\"><p>Erweiterung Rostocker KV-Netzwerk nach Baden-W\u00fcrttemberg In rund 16 Stunden von Rostock nach Karlsruhe und v.v&hellip;<\/p><\/div><div class=\"vcex-blog-entry-readmore-wrap entry-readmore-wrap wpex-my-15 wpex-clr\"><a href=\"https:\/\/intermodal-rostock.de\/en\/2024\/07\/26\/3305\/\" class=\"entry-readmore theme-button\" target=\"_blank\" aria-label=\"Read more about In rund 16 Stunden von Rostock nach Karlsruhe und v.v.\" rel=\"noopener noreferrer\">Read more<\/a><\/div><\/div><\/div><\/div><div class=\"vcex-blog-entry vcex-grid-item entry-has-details span_1_of_4 col-2 col entry post-3098 type-post has-media cat-11 cat-23 translation_priority-12\"><div class=\"vcex-blog-entry-inner entry-inner wpex-first-mt-0 wpex-last-mb-0 wpex-clr\"><div class=\"vcex-blog-entry-details entry-details wpex-bordered wpex-first-mt-0 wpex-last-mb-0 wpex-clr\"><h3 class=\"vcex-blog-entry-title entry-title wpex-mb-5\"><a href=\"https:\/\/intermodal-rostock.de\/en\/2023\/10\/20\/ich-bin-kv-botschafter\/\" target=\"_blank\" rel=\"noopener noreferrer\">Ich bin #KV Botschafter, \u2026<\/a><\/h3><div class=\"vcex-blog-entry-date entry-date wpex-text-sm wpex-text-3 wpex-mb-5\">20. October 2023<\/div><div class=\"vcex-blog-entry-excerpt entry-excerpt wpex-my-15 wpex-text-pretty wpex-last-mb-0 wpex-clr\"><p>Ich bin #KV Botschafter, \u2026 \"\u2026 weil der Kombinierte Verkehr den effektivsten Weg f\u00fcr H\u00e4fen&hellip;<\/p><\/div><div class=\"vcex-blog-entry-readmore-wrap entry-readmore-wrap wpex-my-15 wpex-clr\"><a href=\"https:\/\/intermodal-rostock.de\/en\/2023\/10\/20\/ich-bin-kv-botschafter\/\" class=\"entry-readmore theme-button\" target=\"_blank\" aria-label=\"Read more about Ich bin #KV Botschafter, \u2026\" rel=\"noopener noreferrer\">Read more<\/a><\/div><\/div><\/div><\/div><div class=\"vcex-blog-entry vcex-grid-item entry-has-details span_1_of_4 col-3 col entry post-3058 type-post has-media cat-11 cat-23 translation_priority-12\"><div class=\"vcex-blog-entry-inner entry-inner wpex-first-mt-0 wpex-last-mb-0 wpex-clr\"><div class=\"vcex-blog-entry-details entry-details wpex-bordered wpex-first-mt-0 wpex-last-mb-0 wpex-clr\"><h3 class=\"vcex-blog-entry-title entry-title wpex-mb-5\"><a href=\"https:\/\/intermodal-rostock.de\/en\/2023\/09\/21\/cargon-the-docks\/\" target=\"_blank\" rel=\"noopener noreferrer\">CargOn the Docks<\/a><\/h3><div class=\"vcex-blog-entry-date entry-date wpex-text-sm wpex-text-3 wpex-mb-5\">21. September 2023<\/div><div class=\"vcex-blog-entry-excerpt entry-excerpt wpex-my-15 wpex-text-pretty wpex-last-mb-0 wpex-clr\"><p>CargOn the Docks \u2013 Stena Line und Partner stellen Schiene-Schiff-Kombination in den Mittelpunkt Von der&hellip;<\/p><\/div><div class=\"vcex-blog-entry-readmore-wrap entry-readmore-wrap wpex-my-15 wpex-clr\"><a href=\"https:\/\/intermodal-rostock.de\/en\/2023\/09\/21\/cargon-the-docks\/\" class=\"entry-readmore theme-button\" target=\"_blank\" aria-label=\"Read more about CargOn the Docks\" rel=\"noopener noreferrer\">Read more<\/a><\/div><\/div><\/div><\/div><div class=\"vcex-blog-entry vcex-grid-item entry-has-details span_1_of_4 col-4 col entry post-3082 type-post has-media cat-11 cat-23 cat-6 translation_priority-12\"><div class=\"vcex-blog-entry-inner entry-inner wpex-first-mt-0 wpex-last-mb-0 wpex-clr\"><div class=\"vcex-blog-entry-details entry-details wpex-bordered wpex-first-mt-0 wpex-last-mb-0 wpex-clr\"><h3 class=\"vcex-blog-entry-title entry-title wpex-mb-5\"><a href=\"https:\/\/intermodal-rostock.de\/en\/2023\/07\/05\/eu-foerdert-massnahmepaket-im-faehr-und-roro-bereich-des-ueberseehafens-rostock\/\" target=\"_blank\" rel=\"noopener noreferrer\">EU f\u00f6rdert Ma\u00dfnahmepaket im F\u00e4hr- und RoRo-Bereich des \u00dcberseehafens Rostock<\/a><\/h3><div class=\"vcex-blog-entry-date entry-date wpex-text-sm wpex-text-3 wpex-mb-5\">5. July 2023<\/div><div class=\"vcex-blog-entry-excerpt entry-excerpt wpex-my-15 wpex-text-pretty wpex-last-mb-0 wpex-clr\"><p>EU f\u00f6rdert Ma\u00dfnahmepaket im F\u00e4hr- und RoRo-Bereich des \u00dcberseehafens Rostock Die Europ\u00e4ische Union (EU) f\u00f6rdert&hellip;<\/p><\/div><div class=\"vcex-blog-entry-readmore-wrap entry-readmore-wrap wpex-my-15 wpex-clr\"><a href=\"https:\/\/intermodal-rostock.de\/en\/2023\/07\/05\/eu-foerdert-massnahmepaket-im-faehr-und-roro-bereich-des-ueberseehafens-rostock\/\" class=\"entry-readmore theme-button\" target=\"_blank\" aria-label=\"Read more about EU f\u00f6rdert Ma\u00dfnahmepaket im F\u00e4hr- und RoRo-Bereich des \u00dcberseehafens Rostock\" rel=\"noopener noreferrer\">Read more<\/a><\/div><\/div><\/div><\/div><\/div><\/div>[\/vc_column_inner][\/vc_row_inner][\/vc_tta_section][vc_tta_section tab_id=&#8221;1634035945938-f7754354-c343&#8243; title=&#8221;Turkey&#8221;][vc_row_inner][vc_column_inner][\/vc_column_inner][\/vc_row_inner][\/vc_tta_section][vc_tta_section title=&#8221;Romania&#8221; tab_id=&#8221;1634303000115-71239011-1429&#8243;][vc_row_inner][vc_column_inner][\/vc_column_inner][\/vc_row_inner][\/vc_tta_section][vc_tta_section title=&#8221;Scandinavia&#8221; tab_id=&#8221;1634303015768-131f92bc-f5d9&#8243;][vc_row_inner][vc_column_inner]<div class=\"vcex-module vcex-blog-grid-wrap wpex-clr\"><div class=\"wpex-row vcex-blog-grid wpex-clr entries\"><div class=\"vcex-blog-entry vcex-grid-item entry-has-details span_1_of_4 col-1 col entry post-3082 type-post has-media cat-11 cat-23 cat-6 translation_priority-12\"><div class=\"vcex-blog-entry-inner entry-inner wpex-first-mt-0 wpex-last-mb-0 wpex-clr\"><div class=\"vcex-blog-entry-details entry-details wpex-bordered wpex-first-mt-0 wpex-last-mb-0 wpex-clr\"><h3 class=\"vcex-blog-entry-title entry-title wpex-mb-5\"><a href=\"https:\/\/intermodal-rostock.de\/en\/2023\/07\/05\/eu-foerdert-massnahmepaket-im-faehr-und-roro-bereich-des-ueberseehafens-rostock\/\">EU f\u00f6rdert Ma\u00dfnahmepaket im F\u00e4hr- und RoRo-Bereich des \u00dcberseehafens Rostock<\/a><\/h3><div class=\"vcex-blog-entry-date entry-date wpex-text-sm wpex-text-3 wpex-mb-5\">5. July 2023<\/div><div class=\"vcex-blog-entry-excerpt entry-excerpt wpex-my-15 wpex-text-pretty wpex-last-mb-0 wpex-clr\"><p>EU f\u00f6rdert Ma\u00dfnahmepaket im F\u00e4hr- und RoRo-Bereich des \u00dcberseehafens Rostock Die Europ\u00e4ische Union (EU) f\u00f6rdert&hellip;<\/p><\/div><div class=\"vcex-blog-entry-readmore-wrap entry-readmore-wrap wpex-my-15 wpex-clr\"><a href=\"https:\/\/intermodal-rostock.de\/en\/2023\/07\/05\/eu-foerdert-massnahmepaket-im-faehr-und-roro-bereich-des-ueberseehafens-rostock\/\" class=\"entry-readmore theme-button\" aria-label=\"Read more about EU f\u00f6rdert Ma\u00dfnahmepaket im F\u00e4hr- und RoRo-Bereich des \u00dcberseehafens Rostock\">Read more<\/a><\/div><\/div><\/div><\/div><\/div><\/div>[\/vc_column_inner][\/vc_row_inner][\/vc_tta_section][vc_tta_section title=&#8221;Italy&#8221; tab_id=&#8221;1634303035465-c8f299cb-b7eb&#8221;][vc_row_inner][vc_column_inner][\/vc_column_inner][\/vc_row_inner][\/vc_tta_section][\/vc_tta_tabs][\/vc_column][\/vc_row][vc_row full_width=&#8221;stretch_row&#8221; content_placement=&#8221;middle&#8221; css=&#8221;.vc_custom_1646903174524{background-color: #eef3f7 !important;}&#8221; el_id=&#8221;downloads_projekte&#8221;][vc_column width=&#8221;1\/4&#8243; offset=&#8221;vc_hidden-md vc_hidden-sm vc_hidden-xs&#8221;][\/vc_column][vc_column offset=&#8221;vc_col-lg-6&#8243;]<h2 class=\"vcex-heading vcex-heading-plain vcex-module wpex-heading wpex-text-2xl set_TextCenter frc_ColorBlue\"><span class=\"vcex-heading-inner wpex-inline-block\"><strong>Downloads<\/strong><\/span><\/h2>[vc_column_text el_class=&#8221;set_TextCenter&#8221; color=&#8221;#000000&#8243;]This is a type blind text. From it you can see if all the letters are there and what they look like. Sometimes you use words like Hamburgefonts, Rafgenduks, or Handgloves to test fonts.[\/vc_column_text]<div class=\"vcex-multi-buttons wpex-flex wpex-flex-wrap wpex-items-center wpex-gap-10 wpex-justify-center downloadButton set_T_Margin\"><a href=\"#\" class=\"theme-button flat outline-transparent wpex-text-center vcex-count-1\" download>Download<\/a><a href=\"#\" class=\"theme-button flat outline-transparent wpex-text-center vcex-count-2\" download>Download<\/a><a href=\"#\" class=\"theme-button flat outline-transparent wpex-text-center vcex-count-3\" download>Download<\/a><\/div>[\/vc_column][vc_column width=&#8221;1\/4&#8243; offset=&#8221;vc_hidden-md vc_hidden-sm vc_hidden-xs&#8221;][\/vc_column][\/vc_row]\n<\/div>","protected":false},"excerpt":{"rendered":"<p>[vc_row full_width=&#8221;stretch_row&#8221; content_placement=&#8221;middle&#8221; video_bg_center=&#8221;true&#8221; video_bg=&#8221;self_hosted&#8221; wpex_bg_overlay=&#8221;color&#8221; wpex_bg_overlay_color=&#8221;#005694&#8243; wpex_bg_overlay_opacity=&#8221;0.7&#8243; css=&#8221;.vc_custom_1648820296621{background-image: url(https:\/\/intermodal-rostock.de\/wp-content\/uploads\/2022\/01\/Projekte-intermodal-Rostock.jpg?id=1390) !important;background-position: center !important;background-repeat: no-repeat !important;background-size: cover !important;}&#8221; min_height=&#8221;55vh&#8221; video_bg_mp4=&#8221;https:\/\/intermodal-rostock.de\/wp-content\/uploads\/2022\/03\/Banner_KV.mp4&#8243;][vc_column width=&#8221;1\/2&#8243; css=&#8221;.vc_custom_1634028746975{padding-left: 4rem !important;}&#8221; el_class=&#8221;set_TB_Padding&#8221;][\/vc_column][vc_column width=&#8221;1\/2&#8243;][\/vc_column][\/vc_row][vc_row gap=&#8221;15&#8243; equal_height=&#8221;yes&#8221; el_class=&#8221;set_TB_XLPadding&#8221;][vc_column css=&#8221;.vc_custom_1634216769934{background-color: #104376 !important;}&#8221;][vc_row_inner equal_height=&#8221;yes&#8221;][vc_column_inner el_class=&#8221;set_TL_MinusMargin&#8221; width=&#8221;1\/2&#8243; offset=&#8221;vc_col-lg-6 vc_col-xs-12&#8243; css=&#8221;.vc_custom_1649146191074{background-image: url(https:\/\/intermodal-rostock.de\/wp-content\/uploads\/2022\/04\/Rostock-Port-Korridore.jpg?id=2125) !important;background-position: center !important;background-repeat: no-repeat !important;background-size: cover !important;}&#8221;][vc_empty_space height=&#8221;37vh&#8221;][\/vc_column_inner][vc_column_inner el_class=&#8221;set_TB_XLPadding set_RL_SPadding&#8221; width=&#8221;1\/2&#8243; offset=&#8221;vc_col-lg-6 vc_col-xs-12&#8243;][vc_column_text css=&#8221;&#8221;]ROSTOCK PORT GmbH participates&hellip;<\/p>\n","protected":false},"author":1,"featured_media":0,"parent":0,"menu_order":0,"comment_status":"closed","ping_status":"closed","template":"","meta":{"_acf_changed":false,"footnotes":""},"class_list":["post-2732","page","type-page","status-publish","hentry","entry","has-media"],"acf":[],"_links":{"self":[{"href":"https:\/\/intermodal-rostock.de\/en\/wp-json\/wp\/v2\/pages\/2732","targetHints":{"allow":["GET"]}}],"collection":[{"href":"https:\/\/intermodal-rostock.de\/en\/wp-json\/wp\/v2\/pages"}],"about":[{"href":"https:\/\/intermodal-rostock.de\/en\/wp-json\/wp\/v2\/types\/page"}],"author":[{"embeddable":true,"href":"https:\/\/intermodal-rostock.de\/en\/wp-json\/wp\/v2\/users\/1"}],"replies":[{"embeddable":true,"href":"https:\/\/intermodal-rostock.de\/en\/wp-json\/wp\/v2\/comments?post=2732"}],"version-history":[{"count":7,"href":"https:\/\/intermodal-rostock.de\/en\/wp-json\/wp\/v2\/pages\/2732\/revisions"}],"predecessor-version":[{"id":3777,"href":"https:\/\/intermodal-rostock.de\/en\/wp-json\/wp\/v2\/pages\/2732\/revisions\/3777"}],"wp:attachment":[{"href":"https:\/\/intermodal-rostock.de\/en\/wp-json\/wp\/v2\/media?parent=2732"}],"curies":[{"name":"wp","href":"https:\/\/api.w.org\/{rel}","templated":true}]}}